{"id":174146,"date":"2026-07-30T12:25:45","date_gmt":"2026-07-30T12:25:45","guid":{"rendered":"https:\/\/minervashop.eu\/toode\/maja-kanali-aares\/"},"modified":"2026-07-30T12:25:45","modified_gmt":"2026-07-30T12:25:45","slug":"maja-kanali-aares","status":"publish","type":"product","link":"https:\/\/minervashop.eu\/en\/product\/maja-kanali-aares\/","title":{"rendered":"Maja kanali \u00e4\u00e4res"},"content":{"rendered":"<p class=\"item_title\">Ingrid M\u00f6lleri raamat \u201cMaja kanali \u00e4\u00e4res\u201d kuulub \u017eanrisse, mida tavaliselt m\u00e4\u00e4ratletakse biograafilise romaanina v\u00f5i siis lihtsalt jutustusena kunstnikest. Niisiis ei sea raamat endale eesm\u00e4rgiks anda meile t\u00f5est pilti Vermeer van Delfi elust ja loomingust. On selge, et k\u00f5ik dialoogid \u2013 olgu siis Vermeeri vestlused Pieter de Hoochiga ja raamatutr\u00fckkal Jacob Dissiusega, vaidlused P\u00fcha Luuka gildis v\u00f5i kunstniku abikaasa Catarina sisemonloogid, on puhtalt autori fantaasia vili. Vermeer kuulub kunstnike hulka, kelle kohta dokumentaalset materjali on \u00fcldse \u00e4\u00e4rmistelt napilt \u2013 seega jutustuse ainestik paratamatult suvaline rekonstruktsioon. Siiski on raamatu autor p\u00f5hilise s\u00fcndmustiku \u00fclesehituses kasutanud maksimaalselt teadaolevat dokumentaalselt kinnitatud faktistikku. V\u00f5ib \u00f6elda, et nende faktide k\u00fclge ongi jutustuse kunstiline ballast kasvatatud. T\u00e4nu n.\u00f6. faktoloogilisele karkassile annab autor k\u00fcllalt t\u00f5ep\u00e4rase pildi kuulsa \u201cDelfi sfinksi\u201d \u00fchest elul\u00f5igust. I. M\u00f6lleri teos on muidugi ilukirjanduslik, mida ei saagi hinnata l\u00e4htudes kunstiajaloolisest aspektist (raamatu kirjandusliku v\u00e4\u00e4rtuse anal\u00fc\u00fcs ei kuulu siinse j\u00e4rels\u00f5na \u00fclesannete hulka), kuid ilmselt aitab j\u00e4rgnev Vermeeri elu ja loomingu l\u00fchi\u00fclevaade lugejal paremini orinteeruda ajaloolise t\u00f5e ja kunstit\u00f5e vahekordades. \u2026<\/p>\n<p>illustreeritud mitmete v\u00e4rvireprodega.<\/p>\n","protected":false},"excerpt":{"rendered":"<p><strong>see more <a href=\"https:\/\/rnojomku.sendsmaily.net\/templates\/2d76064e-b5c3-4271-ad07-7693d0c1f9d4\/html\/\">here<\/a><\/strong><\/p>\n<p>Seisukord: kasutatud raamat, kohati kulunud, heas seisukorras sisu (pilt on illustratiivne)<\/p>\n<ul>\n<li>\n<h4><strong>Maja kanali \u00e4\u00e4res. Vermeer van Delfti elust , Jan, 1632-1675<br \/>\n<\/strong><\/h4>\n<\/li>\n<li>Autor: Ingrid M\u00f6ller<\/li>\n<li>Saksa keelest t\u00f5lkinud: Piret P\u00e4\u00e4suke, Vilma J\u00fcrisalu<\/li>\n<li>Kujundaja: Kersti Tormis<\/li>\n<li>Kirjastus: Kunst<\/li>\n<li>V\u00e4ljaandmisaasta: 1988<\/li>\n<li>Lehek\u00fclgede arv: 240<\/li>\n<li>Formaat: tavaformaadis pehmete kaantega raamat.<\/li>\n<\/ul>\n","protected":false},"featured_media":174145,"template":"","meta":[],"product_brand":[],"product_cat":[759,431],"product_tag":[],"class_list":["post-174146","product","type-product","status-publish","has-post-thumbnail","product_cat-new-en","product_cat-learning-books","product_shipping_class-xs-en-2","first","outofstock","taxable","shipping-taxable","purchasable","product-type-simple"],"_links":{"self":[{"href":"https:\/\/minervashop.eu\/en\/wp-json\/wp\/v2\/product\/174146","targetHints":{"allow":["GET"]}}],"collection":[{"href":"https:\/\/minervashop.eu\/en\/wp-json\/wp\/v2\/product"}],"about":[{"href":"https:\/\/minervashop.eu\/en\/wp-json\/wp\/v2\/types\/product"}],"wp:featuredmedia":[{"embeddable":true,"href":"https:\/\/minervashop.eu\/en\/wp-json\/wp\/v2\/media\/174145"}],"wp:attachment":[{"href":"https:\/\/minervashop.eu\/en\/wp-json\/wp\/v2\/media?parent=174146"}],"wp:term":[{"taxonomy":"product_brand","embeddable":true,"href":"https:\/\/minervashop.eu\/en\/wp-json\/wp\/v2\/product_brand?post=174146"},{"taxonomy":"product_cat","embeddable":true,"href":"https:\/\/minervashop.eu\/en\/wp-json\/wp\/v2\/product_cat?post=174146"},{"taxonomy":"product_tag","embeddable":true,"href":"https:\/\/minervashop.eu\/en\/wp-json\/wp\/v2\/product_tag?post=174146"}],"curies":[{"name":"wp","href":"https:\/\/api.w.org\/{rel}","templated":true}]}}